{"id":71842,"date":"2016-03-05T11:39:37","date_gmt":"2016-03-05T10:39:37","guid":{"rendered":"https:\/\/formations-vendee.com\/cofae\/?page_id=71842"},"modified":"2025-01-28T16:33:20","modified_gmt":"2025-01-28T15:33:20","slug":"secretaire-comptable","status":"publish","type":"page","link":"https:\/\/formations-vendee.com\/cofae\/nos-formations\/secretaire-assistante\/secretaire-comptable\/","title":{"rendered":"Secr\u00e9taire comptable"},"content":{"rendered":"<div class=\"wpb-content-wrapper\"><p>[vc_row type=\u00a0\u00bbcontainer\u00a0\u00bb padding_top=\u00a0\u00bb\u00a0\u00bb padding_bottom=\u00a0\u00bb\u00a0\u00bb css=\u00a0\u00bb.vc_custom_1445094705330{margin-bottom: 0px !important;}\u00a0\u00bb][vc_column width=\u00a0\u00bb1\/2&Prime; css=\u00a0\u00bb.vc_custom_1444994576899{margin-bottom: 35px !important;}\u00a0\u00bb][vc_column_text]<\/p>\n<p>L\u2019emploi de <strong>secr\u00e9taire comptable<\/strong> est \u00e0 la jonction des m\u00e9tiers de secr\u00e9taire et de comptable. Il se<br \/>\ncaract\u00e9rise par une combinaison d\u2019activit\u00e9s relevant de ces deux domaines au sein du m\u00eame emploi.<br \/>\nLe secr\u00e9taire comptable exerce des activit\u00e9s d\u2019assistanat administratif et logistique aupr\u00e8s d\u2019un<br \/>\nresponsable hi\u00e9rarchique, souvent le chef d\u2019entreprise, ou d\u2019une \u00e9quipe. Il effectue le suivi administratif<br \/>\ndes fonctions commerciales et ressources humaines.<br \/>\nSur le champ de la comptabilit\u00e9 et de la paie, il contr\u00f4le et comptabilise les documents commerciaux,<br \/>\nsociaux et fiscaux (TVA) de l\u2019entreprise, il recueille les \u00e9l\u00e9ments n\u00e9cessaires au calcul de la paie, s\u2019assure<br \/>\nde leur prise en compte et pr\u00e9pare les d\u00e9clarations sociales courantes.<\/p>\n<p>[\/vc_column_text][\/vc_column][vc_column width=\u00a0\u00bb1\/2&Prime; css=\u00a0\u00bb.vc_custom_1444994585214{margin-bottom: 35px !important;}\u00a0\u00bb][vc_single_image image=\u00a0\u00bb72010&Prime; img_size=\u00a0\u00bbfull\u00a0\u00bb add_caption=\u00a0\u00bbyes\u00a0\u00bb onclick=\u00a0\u00bblink_image\u00a0\u00bb][\/vc_column][\/vc_row][vc_row type=\u00a0\u00bbcontainer\u00a0\u00bb padding_top=\u00a0\u00bb\u00a0\u00bb padding_bottom=\u00a0\u00bb\u00a0\u00bb css=\u00a0\u00bb.vc_custom_1444505155795{margin-bottom: 0px !important;}\u00a0\u00bb][vc_column][vc_column_text]<\/p>\n<table border=\"1\" width=\"100%\" cellspacing=\"0\" cellpadding=\"9\">\n<colgroup>\n<col width=\"263\" \/>\n<col width=\"283\" \/>\n<col width=\"250\" \/> <\/colgroup>\n<tbody>\n<tr bgcolor=\"#ac2941\">\n<td style=\"text-align: center\" width=\"263\"><span style=\"color: #ffffff\"><strong>M\u00c9TIERS CIBL\u00c9S<\/strong><\/span><\/td>\n<td style=\"text-align: center\" width=\"283\"><span style=\"color: #ffffff\"><strong>OBJECTIFS<\/strong><\/span><\/td>\n<td style=\"text-align: center\" width=\"250\"><span style=\"color: #ffffff\"><strong>LIEUX D\u2019EXERCICE<\/strong><\/span><\/td>\n<\/tr>\n<tr valign=\"TOP\">\n<td width=\"32%\" height=\"127\">\n<ul>\n<li>Secr\u00e9taire comptable<\/li>\n<li>Secr\u00e9taire<\/li>\n<li>Secr\u00e9taire administratif<\/li>\n<li>Secr\u00e9taire polyvalent<\/li>\n<li>Assistant administratif<\/li>\n<li>Secr\u00e9taire facturier<\/li>\n<\/ul>\n<\/td>\n<td width=\"36%\">\n<ul>\n<li>Contribuer \u00e0 la qualit\u00e9 de la communication de la structure<\/li>\n<li>Assister une \u00e9quipe<\/li>\n<li>Organiser le classement et l\u2019archivage physique et num\u00e9rique.<\/li>\n<li>G\u00e9rer l\u2019accueil des visiteurs et les flux d\u2019appels multicanaux<\/li>\n<li>Traiter les commandes clients ou les demandes d\u2019achats et les<br \/>\napprovisionnements.<\/li>\n<li>Participer au suivi administratif du personnel<\/li>\n<li>Recueillir, contr\u00f4ler et comptabiliser les documents commerciaux, sociaux et fiscaux<\/li>\n<li>Enregistre les op\u00e9rations dans le respect des normes comptables et des proc\u00e9dures de gestion internes<\/li>\n<\/ul>\n<\/td>\n<td width=\"32%\">\n<ul>\n<li>Tous les secteurs d\u2019activit\u00e9s sont concern\u00e9s<\/li>\n<li>En particulier les petites structures (TPE, associations,<br \/>\n\u00e9tablissements secondaires de grandes entreprises, cabinets d\u2019expertise comptable<\/li>\n<\/ul>\n<\/td>\n<\/tr>\n<\/tbody>\n<\/table>\n<p>[\/vc_column_text][\/vc_column][\/vc_row][vc_row type=\u00a0\u00bbcontainer\u00a0\u00bb padding_top=\u00a0\u00bb\u00a0\u00bb padding_bottom=\u00a0\u00bb\u00a0\u00bb][vc_column][vc_column_text]<\/p>\n<table border=\"1\" width=\"100%\" cellspacing=\"0\" cellpadding=\"9\">\n<tbody>\n<tr bgcolor=\"#ac2941\">\n<td style=\"text-align: center\" width=\"36%\"><span style=\"color: #ffffff\"><strong>LIEUX<\/strong><\/span><\/td>\n<td style=\"text-align: center\" width=\"32%\"><strong><span style=\"color: #ffffff\">DATE &#8211; DUR\u00c9E<\/span><br \/>\n<\/strong><\/td>\n<td style=\"text-align: center\" width=\"32%\"><strong><span style=\"color: #ffffff\">FINANCEMENT &#8211; TARIF<\/span><br \/>\n<\/strong><\/td>\n<\/tr>\n<tr valign=\"TOP\">\n<td width=\"32%\" height=\"127\">La Roche Sur Yon<\/p>\n<p>&nbsp;<\/td>\n<td width=\"36%\">Nous consulter pour les dates de d\u00e9marrage<\/p>\n<p>Dur\u00e9e 6 mois avec 6 semaines de stage en entreprise<\/p>\n<p>&nbsp;<\/td>\n<td width=\"32%\">OPCO, Entreprise, Transitions Pro, CPF, priv\u00e9<\/td>\n<\/tr>\n<\/tbody>\n<\/table>\n<p>[\/vc_column_text][\/vc_column][\/vc_row][vc_row type=\u00a0\u00bbcontainer\u00a0\u00bb padding_top=\u00a0\u00bb\u00a0\u00bb padding_bottom=\u00a0\u00bb\u00a0\u00bb][vc_column][vc_tta_accordion active_section=\u00a0\u00bb0&Prime; collapsible_all=\u00a0\u00bbtrue\u00a0\u00bb][vc_tta_section title=\u00a0\u00bbProgramme\u00a0\u00bb tab_id=\u00a0\u00bb1578592347292-4db1c19e-3ddd\u00a0\u00bb][vc_column_text]<strong>1. Assister une \u00e9quipe dans la communication des informations et l&rsquo;organisation des activit\u00e9s<\/strong><br \/>\n&#8211; Produire des documents professionnels courants<br \/>\n&#8211; Communiquer des informations par \u00e9crit<br \/>\n&#8211; Assurer la tra\u00e7abilit\u00e9 et la conservation des informations<br \/>\n&#8211; Accueillir un visiteur et transmettre des informations oralement<br \/>\n&#8211; Planifier et organiser les activit\u00e9s de l&rsquo;\u00e9quipe<\/p>\n<p><strong>2. Traiter les op\u00e9rations administratives li\u00e9es \u00e0 la gestion commerciale et aux ressources humaines<\/strong><br \/>\n&#8211; Assurer l&rsquo;administration des achats et des ventes<br \/>\n&#8211; R\u00e9pondre aux demandes d&rsquo;information des clients et traiter les r\u00e9clamations courantes<br \/>\n&#8211; \u00c9laborer et actualiser des tableaux de suivi de l&rsquo;activit\u00e9 commerciale<br \/>\n&#8211; Assurer le suivi administratif courant du personnel<\/p>\n<p><strong>3. Assurer les travaux courants de comptabilit\u00e9<\/strong><br \/>\n&#8211; Comptabiliser les documents commerciaux<br \/>\n&#8211; Comptabiliser les documents bancaires et effectuer le suivi de la tr\u00e9sorerie<br \/>\n&#8211; \u00c9tablir et comptabiliser les d\u00e9clarations de TVA<br \/>\n&#8211; Contr\u00f4ler, justifier et rectifier les comptes<\/p>\n<p><strong>4. Pr\u00e9parer la paie et les d\u00e9clarations sociales courantes<\/strong><br \/>\n&#8211; Pr\u00e9parer le calcul et l&rsquo;\u00e9dition des bulletins de paie<br \/>\n&#8211; Contr\u00f4ler l&rsquo;\u00e9dition des bulletins de paie et des d\u00e9clarations sociales<\/p>\n<p><strong>5. Mati\u00e8res transversales<\/strong><br \/>\n&#8211; Fran\u00e7ais \u2013 Orthographe<br \/>\n&#8211; Bureautique<br \/>\n&#8211; Techniques de Recherche d\u2019Emploi et Projet Professionnel<br \/>\n&#8211; Pr\u00e9paration \u00e0 la session de validation<br \/>\n&#8211; Accompagnement \u00e0 la r\u00e9ussite[\/vc_column_text][\/vc_tta_section][vc_tta_section title=\u00a0\u00bbModalit\u00e9s d&rsquo;inscription et d&rsquo;admission\u00a0\u00bb tab_id=\u00a0\u00bb1578592347309-acc3a92d-2ad7&Prime;][vc_column_text css=\u00a0\u00bb\u00a0\u00bb]<strong>PR\u00c9-REQUIS<\/strong><br \/>\nNiveau 3 valid\u00e9 ou \u00e9quivalent<\/p>\n<p><strong>ADMISSION<\/strong><\/p>\n<p><span style=\"font-family: 'Georgia',serif;color: #333333\">Dossier de candidature<\/span><\/p>\n<p><span style=\"font-family: 'Georgia',serif;color: #333333\">Entretien individuel<\/span><\/p>\n<p><span style=\"font-family: 'Georgia',serif;color: #333333\">Tests sur les comp\u00e9tences de bases<\/span><\/p>\n<p><strong>Formation accessible aux personnes en situation de handicap<\/strong>[\/vc_column_text][\/vc_tta_section][vc_tta_section title=\u00a0\u00bbCertification\u00a0\u00bb tab_id=\u00a0\u00bb1578592705296-23f03f29-6184&Prime;][vc_column_text css=\u00a0\u00bb\u00a0\u00bb]<strong>Titre Professionnel Minist\u00e8re Charg\u00e9 de l&rsquo;Emploi \u00ab\u00a0Secr\u00e9taire Comptable\u00a0\u00bb<\/strong><strong> &#8211; Niveau 4 BAC<\/strong><\/p>\n<p><strong>R\u00e9pertori\u00e9 au RNCP<\/strong><\/p>\n<p><a href=\"https:\/\/www.francecompetences.fr\/recherche\/rncp\/37123\/\">RNCP37123 &#8211; TP &#8211; Secr\u00e9taire comptable<\/a><\/p>\n<p><em>Possibilit\u00e9 de validation partielle du titre par l&rsquo;obtention de Certificats de Comp\u00e9tences Professionnelles. <\/em><\/p>\n<p><strong>Mise \u00e0 jour 01\/25<\/strong>[\/vc_column_text][\/vc_tta_section][\/vc_tta_accordion][\/vc_column][\/vc_row][vc_row type=\u00a0\u00bbcontainer\u00a0\u00bb padding_top=\u00a0\u00bb\u00a0\u00bb padding_bottom=\u00a0\u00bb\u00a0\u00bb css=\u00a0\u00bb.vc_custom_1444505165647{margin-bottom: 0px !important;padding-top: 10px !important;}\u00a0\u00bb][vc_column][vc_separator color=\u00a0\u00bb#e2e2e2&Prime; type=\u00a0\u00bbnormal\u00a0\u00bb thickness=\u00a0\u00bb1&Prime; up=\u00a0\u00bb\u00a0\u00bb down=\u00a0\u00bb\u00a0\u00bb el_class=\u00a0\u00bbdotted\u00a0\u00bb][\/vc_column][\/vc_row][vc_row type=\u00a0\u00bbcontainer\u00a0\u00bb padding_top=\u00a0\u00bb\u00a0\u00bb padding_bottom=\u00a0\u00bb\u00a0\u00bb][vc_column][vc_raw_html]JTNDYXNpZGUlMjBjbGFzcyUzRCUyMndpZGdldC0zJTIwd2lkZ2V0LWxhc3QlMjB3aWRnZXQtb2RkJTIwYm94ZWQlMjBkb2N1bWVudCUyMHdpZGdldCUyMHdpZGdldF90ZXh0JTIyJTIwaWQlM0QlMjJ0ZXh0LTMlMjIlM0UlMEElM0NoNCUyMGNsYXNzJTNEJTIyd2lkZ2V0LXRpdGxlJTIyJTNFJTNDc3BhbiUzRVQlQzMlQTlsJUMzJUE5Y2hhcmdleiUyMGxhJTIwcGxhcXVldHRlJTNDJTJGc3BhbiUzRSUzQyUyRmg0JTNFJTBBJTNDZGl2JTIwY2xhc3MlM0QlMjJ0ZXh0d2lkZ2V0JTIyJTNFJTBBJTNDcCUzRUQlQzMlQTljb3V2cmV6JTIwbGElMjBmb3JtYXRpb24lMjBwbHVzJTIwZW4lMjBkJUMzJUE5dGFpbCUyMGdyJUMzJUEyY2UlMjAlQzMlQTAlMjBjZXR0ZSUyMHBsYXF1ZXR0ZSUyMGRlc2NyaXB0aXZlLiUzQyUyRnAlM0UlMEElM0NwJTNFJTNDYSUyMHRhcmdldCUzRCUyMl9ibGFuayUyMiUyMGNsYXNzJTNEJTIycGRmJTIyJTIwaHJlZiUzRCUyMmh0dHBzJTNBJTJGJTJGZHJpdmUuZ29vZ2xlLmNvbSUyRmZpbGUlMkZkJTJGMUxyUWN1U2Q2X3VIX1dFVEtBZDQ4NnU5SmtqRjlWTmdiJTJGdmlldyUzRnVzcCUzRHNoYXJpbmclMjIlM0VUJUMzJUE5bCVDMyVBOWNoYXJnZXIlMjBlbiUyMFBERiUzQyUyRmElM0UlM0MlMkZwJTNFJTBBJTNDJTJGZGl2JTNFJTBBJTNDJTJGYXNpZGUlM0U=[\/vc_raw_html][\/vc_column][\/vc_row][vc_row type=\u00a0\u00bbcontainer\u00a0\u00bb padding_top=\u00a0\u00bb\u00a0\u00bb padding_bottom=\u00a0\u00bb\u00a0\u00bb][vc_column][vc_btn title=\u00a0\u00bbCANDIDATER POUR CETTE FORMATION\u00a0\u00bb style=\u00a0\u00bbcustom\u00a0\u00bb custom_background=\u00a0\u00bb#aac627&Prime; custom_text=\u00a0\u00bb#ffffff\u00a0\u00bb size=\u00a0\u00bblg\u00a0\u00bb align=\u00a0\u00bbcenter\u00a0\u00bb i_align=\u00a0\u00bbright\u00a0\u00bb i_icon_fontawesome=\u00a0\u00bb\u00a0\u00bb button_block=\u00a0\u00bbtrue\u00a0\u00bb add_icon=\u00a0\u00bbtrue\u00a0\u00bb link=\u00a0\u00bburl:https%3A%2F%2Fformations-vendee.com%2Fcofae%2Ftelecharger-le-dossier-de-candidature-cofae%2F|title:T%C3%A9l%C3%A9charger%20le%20dossier%20de%20candidature%20COFAE||\u00a0\u00bb][\/vc_column][\/vc_row]<\/p>\n<\/div>","protected":false},"excerpt":{"rendered":"<p>[vc_row type=\u00a0\u00bbcontainer\u00a0\u00bb padding_top=\u00a0\u00bb\u00a0\u00bb padding_bottom=\u00a0\u00bb\u00a0\u00bb css=\u00a0\u00bb.vc_custom_1445094705330{margin-bottom: 0px !important;}\u00a0\u00bb][vc_column width=\u00a0\u00bb1\/2&Prime; css=\u00a0\u00bb.vc_custom_1444994576899{margin-bottom: 35px !important;}\u00a0\u00bb][vc_column_text] L\u2019emploi de secr\u00e9taire comptable est \u00e0 la jonction des m\u00e9tiers de secr\u00e9taire et de comptable. Il se caract\u00e9rise par une combinaison d\u2019activit\u00e9s relevant de ces deux domaines au sein du m\u00eame emploi. Le secr\u00e9taire comptable exerce des activit\u00e9s d\u2019assistanat administratif et logistique aupr\u00e8s d\u2019un [&hellip;]<\/p>\n","protected":false},"author":1,"featured_media":0,"parent":71828,"menu_order":2,"comment_status":"closed","ping_status":"closed","template":"","meta":{"_acf_changed":false,"_seopress_robots_primary_cat":"","_seopress_titles_title":"","_seopress_titles_desc":"","_seopress_robots_index":"","footnotes":""},"class_list":["post-71842","page","type-page","status-publish","hentry"],"acf":[],"_links":{"self":[{"href":"https:\/\/formations-vendee.com\/cofae\/wp-json\/wp\/v2\/pages\/71842","targetHints":{"allow":["GET"]}}],"collection":[{"href":"https:\/\/formations-vendee.com\/cofae\/wp-json\/wp\/v2\/pages"}],"about":[{"href":"https:\/\/formations-vendee.com\/cofae\/wp-json\/wp\/v2\/types\/page"}],"author":[{"embeddable":true,"href":"https:\/\/formations-vendee.com\/cofae\/wp-json\/wp\/v2\/users\/1"}],"replies":[{"embeddable":true,"href":"https:\/\/formations-vendee.com\/cofae\/wp-json\/wp\/v2\/comments?post=71842"}],"version-history":[{"count":5,"href":"https:\/\/formations-vendee.com\/cofae\/wp-json\/wp\/v2\/pages\/71842\/revisions"}],"predecessor-version":[{"id":79800,"href":"https:\/\/formations-vendee.com\/cofae\/wp-json\/wp\/v2\/pages\/71842\/revisions\/79800"}],"up":[{"embeddable":true,"href":"https:\/\/formations-vendee.com\/cofae\/wp-json\/wp\/v2\/pages\/71828"}],"wp:attachment":[{"href":"https:\/\/formations-vendee.com\/cofae\/wp-json\/wp\/v2\/media?parent=71842"}],"curies":[{"name":"wp","href":"https:\/\/api.w.org\/{rel}","templated":true}]}}