{"id":69,"date":"2015-10-07T17:11:55","date_gmt":"2015-10-07T16:11:55","guid":{"rendered":"http:\/\/broker.commercegurus.com\/?page_id=69"},"modified":"2025-01-28T16:47:57","modified_gmt":"2025-01-28T15:47:57","slug":"notre-organisme","status":"publish","type":"page","link":"https:\/\/formations-vendee.com\/cofae\/notre-organisme\/","title":{"rendered":"Notre Organisme"},"content":{"rendered":"<div class=\"wpb-content-wrapper\"><p>[vc_row type=\u00a0\u00bbcontainer\u00a0\u00bb padding_top=\u00a0\u00bb\u00a0\u00bb padding_bottom=\u00a0\u00bb\u00a0\u00bb css=\u00a0\u00bb.vc_custom_1444733628179{padding-top: 50px !important;}\u00a0\u00bb][vc_column width=\u00a0\u00bb1\/2&Prime;][vc_column_text]<\/p>\n<h2>Pr\u00e9sentation<\/h2>\n<p><strong>Organisme de formation<\/strong> depuis 1985 sur LA ROCHE SUR YON. Sp\u00e9cialis\u00e9 dans les <strong>formations du secteur tertiaire<\/strong>\u00a0: Commerce, Distribution, Vente, Commercial, Ressources humaines, Assistantes, Bureautique et Anglais.<\/p>\n<p>Nous dispensons des formations professionnelles qualifiantes, dipl\u00f4mantes ou certifiantes en ad\u00e9quation avec les besoins du territoire.<\/p>\n<h2>\u00c9volution professionnelle et Formation<\/h2>\n<p>Changer de poste, de m\u00e9tier ou de secteur, devient un processus de plus en plus fr\u00e9quent dans la vie professionnelle. Anticiper son d\u00e9roulement de carri\u00e8re, se former tout au long de la vie, permet de mieux g\u00e9rer ces changements.[\/vc_column_text][\/vc_column][vc_column width=\u00a0\u00bb1\/2&Prime;][vc_single_image image=\u00a0\u00bb72139&Prime; img_size=\u00a0\u00bbfull\u00a0\u00bb style=\u00a0\u00bbvc_box_rounded\u00a0\u00bb][\/vc_column][\/vc_row][vc_row type=\u00a0\u00bbcontainer\u00a0\u00bb padding_top=\u00a0\u00bb\u00a0\u00bb padding_bottom=\u00a0\u00bb\u00a0\u00bb css=\u00a0\u00bb.vc_custom_1444733786770{margin-bottom: 45px !important;}\u00a0\u00bb][vc_column width=\u00a0\u00bb1\/2&Prime;][vc_column_text]<\/p>\n<h2>Nos missions<\/h2>\n<ul>\n<li>Former au m\u00e9tier choisi<\/li>\n<li>Accroitre vos comp\u00e9tences<\/li>\n<li>D\u00e9velopper votre employabilit\u00e9<\/li>\n<li>Accompagner votre d\u00e9marche de reconversion professionnelle.<\/li>\n<li>Aider votre retour \u00e0 l&#8217;emploi<\/li>\n<\/ul>\n<p>[\/vc_column_text][\/vc_column][vc_column width=\u00a0\u00bb1\/2&Prime;][vc_column_text css=\u00a0\u00bb\u00a0\u00bb]<\/p>\n<h2>Notre valeur ajout\u00e9e<\/h2>\n<ul>\n<li>Une \u00e9quipe de formateurs permanents salari\u00e9s, en charge de vous accompagner dans votre projet professionnel<\/li>\n<li>Un parcours individualis\u00e9<\/li>\n<li>Une plateforme num\u00e9rique d\u2019apprentissage ouverte 7\/7 et 24\/24<\/li>\n<li>\u00a0Nos formations sont accessibles aux personnes en situation de handicap<\/li>\n<\/ul>\n<p>[\/vc_column_text][\/vc_column][\/vc_row][vc_row type=\u00a0\u00bbcontainer\u00a0\u00bb padding_top=\u00a0\u00bb\u00a0\u00bb padding_bottom=\u00a0\u00bb\u00a0\u00bb][vc_column width=\u00a0\u00bb1\/2&Prime;][vc_column_text css=\u00a0\u00bb\u00a0\u00bb]<\/p>\n<h2>Notre Philosophie<\/h2>\n<ul>\n<li>Accompagnement \u00e0 la R\u00e9ussite,<\/li>\n<li>Individualisation de la formation,<\/li>\n<li>S\u00e9curisation des parcours<\/li>\n<li>P\u00e9dagogie innovante<\/li>\n<\/ul>\n<p><a href=\"https:\/\/formations-vendee.com\/cofae\/wp-content\/uploads\/sites\/4\/2025\/01\/Certificat-Qualiopi-V.2-FORMASO-2403_CN_04350.pdf\"><img loading=\"lazy\" decoding=\"async\" class=\" wp-image-73368 alignleft\" src=\"https:\/\/formations-vendee.com\/cofae\/wp-content\/uploads\/sites\/4\/2022\/07\/LogoQualiopi-actions-de-formation.jpg\" alt=\"\" width=\"220\" height=\"157\" srcset=\"https:\/\/formations-vendee.com\/cofae\/wp-content\/uploads\/sites\/4\/2022\/07\/LogoQualiopi-actions-de-formation.jpg 700w, https:\/\/formations-vendee.com\/cofae\/wp-content\/uploads\/sites\/4\/2022\/07\/LogoQualiopi-actions-de-formation-300x214.jpg 300w\" sizes=\"auto, (max-width: 220px) 100vw, 220px\" \/><\/a>[\/vc_column_text][\/vc_column][vc_column width=\u00a0\u00bb1\/2&Prime;][vc_column_text css=\u00a0\u00bb\u00a0\u00bb]<\/p>\n<h2>COFAE en chiffres<\/h2>\n<ul>\n<li style=\"list-style-type: none\">\n<ul>\n<li style=\"list-style-type: none\">\n<ul>\n<li>40 ans d&rsquo;activit\u00e9 de formation professionnelle en Vend\u00e9e<\/li>\n<li>200 personnes form\u00e9es \/ an<\/li>\n<li>\u00c9quipe de 10 formateurs sp\u00e9cialistes de leur domaine<\/li>\n<li>89% de r\u00e9ussite totale aux examens (ann\u00e9e 2024)<\/li>\n<li>11% d&rsquo;abandon en cours de formation qualifiantes (ann\u00e9e 2024)<\/li>\n<li style=\"text-align: left\">95% de personnes satisfaites de nos formations qualifiantes (ann\u00e9e 2024)<\/li>\n<\/ul>\n<\/li>\n<\/ul>\n<\/li>\n<\/ul>\n<p>Le d\u00e9tail des indicateurs suivant est disponible sur simple demande : taux de satisfaction des stagiaires, nombre de stagiaires, taux et causes des abandons, taux d\u2019interruption en cours de prestation, taux de rupture des contrats d\u2019alternance (apprentissage et professionnalisation), taux de sortie positive, taux de poursuite de parcours, taux de placement emploi, tarification des formations.[\/vc_column_text][\/vc_column][\/vc_row][vc_row type=\u00a0\u00bbfull_page_width_inner_container\u00a0\u00bb padding_top=\u00a0\u00bb\u00a0\u00bb padding_bottom=\u00a0\u00bb\u00a0\u00bb css=\u00a0\u00bb.vc_custom_1454407326036{margin-bottom: 0px !important;padding-top: 75px !important;padding-bottom: 50px !important;background-color: #323946 !important;}\u00a0\u00bb][vc_column][vc_column_text]<\/p>\n<h2 style=\"text-align: center;margin-top: 0px\"><span style=\"color: #ffffff\">Ils t\u00e9moignent<\/span><\/h2>\n<p style=\"font-size: 22px;text-align: center\"><span style=\"color: #8e9093\">Et voil\u00e0 ce qu&rsquo;ils ont pens\u00e9 de C.O.F.A.E.<\/span><\/p>\n<p>[\/vc_column_text][vc_row_inner css=\u00a0\u00bb.vc_custom_1444836754783{padding-top: 15px !important;}\u00a0\u00bb][vc_column_inner width=\u00a0\u00bb1\/4&Prime; css=\u00a0\u00bb.vc_custom_1444955077811{margin-bottom: 35px !important;}\u00a0\u00bb][vc_icon type=\u00a0\u00bbentypo\u00a0\u00bb icon_entypo=\u00a0\u00bbentypo-icon entypo-icon-chat\u00a0\u00bb color=\u00a0\u00bbcustom\u00a0\u00bb background_style=\u00a0\u00bbrounded-outline\u00a0\u00bb background_color=\u00a0\u00bbwhite\u00a0\u00bb size=\u00a0\u00bblg\u00a0\u00bb align=\u00a0\u00bbcenter\u00a0\u00bb css_animation=\u00a0\u00bbleft-to-right\u00a0\u00bb custom_color=\u00a0\u00bb#6fc400&Prime; link=\u00a0\u00bburl:http%3A%2F%2Fformations-vendee.com%2Fesa%2Fnotre-ecole%2F||\u00a0\u00bb][vc_column_text]<em><span style=\"color: #ffffff\">Je connaissais le COFAE de r\u00e9putation, je n\u2019ai pas \u00e9t\u00e9 d\u00e9\u00e7u de la formation et de la qualit\u00e9.<\/span><\/em><\/p>\n<h6><span style=\"color: #8e9093\">Karim &#8211; Employ\u00e9 commercial Magasin<\/span><\/h6>\n<p>[\/vc_column_text][\/vc_column_inner][vc_column_inner width=\u00a0\u00bb1\/4&Prime; css=\u00a0\u00bb.vc_custom_1444955084492{margin-bottom: 35px !important;}\u00a0\u00bb][vc_icon type=\u00a0\u00bbentypo\u00a0\u00bb icon_entypo=\u00a0\u00bbentypo-icon entypo-icon-share\u00a0\u00bb color=\u00a0\u00bbcustom\u00a0\u00bb background_style=\u00a0\u00bbrounded-outline\u00a0\u00bb background_color=\u00a0\u00bbwhite\u00a0\u00bb size=\u00a0\u00bblg\u00a0\u00bb align=\u00a0\u00bbcenter\u00a0\u00bb css_animation=\u00a0\u00bbappear\u00a0\u00bb custom_color=\u00a0\u00bb#6fc400&Prime; link=\u00a0\u00bburl:http%3A%2F%2Fformations-vendee.com%2Fesa%2Fnotre-ecole%2F||\u00a0\u00bb][vc_column_text]<em><span style=\"color: #ffffff\">L\u2019accompagnement individuel durant la formation avec les formateurs du COFAE m\u2019a permis de valider mon dipl\u00f4me de BAC +2 dans le secteur commercial.<\/span><\/em><\/p>\n<h6><span style=\"color: #8e9093\">Victor &#8211; N\u00e9gociateur Technico-Commercial<\/span><\/h6>\n<p>[\/vc_column_text][\/vc_column_inner][vc_column_inner width=\u00a0\u00bb1\/4&Prime; css=\u00a0\u00bb.vc_custom_1444955091390{margin-bottom: 35px !important;}\u00a0\u00bb][vc_icon type=\u00a0\u00bbentypo\u00a0\u00bb icon_entypo=\u00a0\u00bbentypo-icon entypo-icon-briefcase\u00a0\u00bb color=\u00a0\u00bbcustom\u00a0\u00bb background_style=\u00a0\u00bbrounded-outline\u00a0\u00bb background_color=\u00a0\u00bbwhite\u00a0\u00bb size=\u00a0\u00bblg\u00a0\u00bb align=\u00a0\u00bbcenter\u00a0\u00bb css_animation=\u00a0\u00bbappear\u00a0\u00bb custom_color=\u00a0\u00bb#6fc400&Prime; link=\u00a0\u00bburl:http%3A%2F%2Fformations-vendee.com%2Fesa%2Fnotre-ecole%2F||\u00a0\u00bb][vc_column_text]<em><span style=\"color: #ffffff\">Formation professionnelle qui m\u2019a permis de d\u00e9crocher un emploi en tant que gestionnaire de paie suite \u00e0 mon stage pratique. Reconversion r\u00e9ussie !<\/span><\/em><\/p>\n<h6><span style=\"color: #8e9093\">Anita &#8211; Gestionnaire de Paie<\/span><\/h6>\n<p>[\/vc_column_text][\/vc_column_inner][vc_column_inner width=\u00a0\u00bb1\/4&Prime; css=\u00a0\u00bb.vc_custom_1444955100120{margin-bottom: 35px !important;}\u00a0\u00bb][vc_icon type=\u00a0\u00bbentypo\u00a0\u00bb icon_entypo=\u00a0\u00bbentypo-icon entypo-icon-users\u00a0\u00bb color=\u00a0\u00bbcustom\u00a0\u00bb background_style=\u00a0\u00bbrounded-outline\u00a0\u00bb background_color=\u00a0\u00bbwhite\u00a0\u00bb size=\u00a0\u00bblg\u00a0\u00bb align=\u00a0\u00bbcenter\u00a0\u00bb css_animation=\u00a0\u00bbright-to-left\u00a0\u00bb custom_color=\u00a0\u00bb#6fc400&Prime; link=\u00a0\u00bburl:http%3A%2F%2Fformations-vendee.com%2Fesa%2Fnotre-ecole%2F||\u00a0\u00bb][vc_column_text]<em><span style=\"color: #ffffff\">La formation sur les techniques de vente m\u2019a \u00e9t\u00e9 tr\u00e8s utile au quotidien dans mon entreprise.<\/span><\/em><\/p>\n<h6><span style=\"color: #8e9093\">Pauline &#8211; Vendeur Conseil Magasin<\/span><\/h6>\n<p>[\/vc_column_text][\/vc_column_inner][\/vc_row_inner][\/vc_column][\/vc_row]<\/p>\n<\/div>","protected":false},"excerpt":{"rendered":"<p>[vc_row type=\u00a0\u00bbcontainer\u00a0\u00bb padding_top=\u00a0\u00bb\u00a0\u00bb padding_bottom=\u00a0\u00bb\u00a0\u00bb css=\u00a0\u00bb.vc_custom_1444733628179{padding-top: 50px !important;}\u00a0\u00bb][vc_column width=\u00a0\u00bb1\/2&Prime;][vc_column_text] Pr\u00e9sentation Organisme de formation depuis 1985 sur LA ROCHE SUR YON. Sp\u00e9cialis\u00e9 dans les formations du secteur tertiaire\u00a0: Commerce, Distribution, Vente, Commercial, Ressources humaines, Assistantes, Bureautique et Anglais. Nous dispensons des formations professionnelles qualifiantes, dipl\u00f4mantes ou certifiantes en ad\u00e9quation avec les besoins du territoire. \u00c9volution professionnelle et [&hellip;]<\/p>\n","protected":false},"author":1,"featured_media":0,"parent":0,"menu_order":0,"comment_status":"closed","ping_status":"closed","template":"page-full-width.php","meta":{"_acf_changed":false,"_seopress_robots_primary_cat":"","_seopress_titles_title":"","_seopress_titles_desc":"","_seopress_robots_index":"","footnotes":""},"class_list":["post-69","page","type-page","status-publish","hentry"],"acf":[],"_links":{"self":[{"href":"https:\/\/formations-vendee.com\/cofae\/wp-json\/wp\/v2\/pages\/69","targetHints":{"allow":["GET"]}}],"collection":[{"href":"https:\/\/formations-vendee.com\/cofae\/wp-json\/wp\/v2\/pages"}],"about":[{"href":"https:\/\/formations-vendee.com\/cofae\/wp-json\/wp\/v2\/types\/page"}],"author":[{"embeddable":true,"href":"https:\/\/formations-vendee.com\/cofae\/wp-json\/wp\/v2\/users\/1"}],"replies":[{"embeddable":true,"href":"https:\/\/formations-vendee.com\/cofae\/wp-json\/wp\/v2\/comments?post=69"}],"version-history":[{"count":9,"href":"https:\/\/formations-vendee.com\/cofae\/wp-json\/wp\/v2\/pages\/69\/revisions"}],"predecessor-version":[{"id":79805,"href":"https:\/\/formations-vendee.com\/cofae\/wp-json\/wp\/v2\/pages\/69\/revisions\/79805"}],"wp:attachment":[{"href":"https:\/\/formations-vendee.com\/cofae\/wp-json\/wp\/v2\/media?parent=69"}],"curies":[{"name":"wp","href":"https:\/\/api.w.org\/{rel}","templated":true}]}}